{"id":2433,"date":"2016-02-16T08:51:24","date_gmt":"2016-02-16T07:51:24","guid":{"rendered":"https:\/\/hotelcabernet.hu\/?page_id=2433&#038;lang=de"},"modified":"2022-02-13T10:48:07","modified_gmt":"2022-02-13T09:48:07","slug":"villany-hotel-cabernet","status":"publish","type":"page","link":"https:\/\/hotelcabernet.hu\/de\/villany-hotel-cabernet\/","title":{"rendered":"Hotel"},"content":{"rendered":"<div class=\"wpb-content-wrapper\"><p>[vc_row][vc_column][vc_column_text]Das Hotel Cabernet er\u00f6ffnete seine Pforten 1998 in Vill\u00e1nyk\u00f6vesd, die eine der sch\u00f6nsten Ortschaften der Villanyer Weinregion und des Deutschtums in Branau ist. Die malerische, friedliche Landschaft bietet eine einzigartige Umgebung f\u00fcr G\u00e4ste, die die wimmelnde Gro\u00dfstadt verlassen m\u00f6chten, auf der Suche nach Entspannung sind und nat\u00fcrlich f\u00fcr alle Weinliebhaber. Die Siedlung Vill\u00e1nyk\u00f6vesd, im nord\u00f6stlichen Zipfel der Vill\u00e1nyer Berglandschaft gelegen, geh\u00f6rt zu den geschichtstr\u00e4chtigen D\u00f6rfern entlang der Weinstra\u00dfe Sikl\u00f3s-Vill\u00e1ny. Das Hotel Cabernet befindet sich in unmittelbarer Nachbarschaft der weltber\u00fchmten, denkmalgesch\u00fctzten Weinkeller-Reihen von Vill\u00e1nyk\u00f6vesd.<\/p>\n<p>Unser Hotel erhielt seine heutige Form als Ergebnis der Renovierung einer alten adeligen Kurie, so daneben, dass es den Anspr\u00fcchen der modernen Zeit in allen Hinsichten entspricht, passt es\u00a0 perfekt ins Dorfleben und bewahrt auch die Eleganz der vergangenen Zeiten.[\/vc_column_text][vc_column_text]<\/p>\n<h3 style=\"text-align: left;\"><a href=\"https:\/\/hotelcabernet.hu\/de\/villany-hotel-cabernet\/zimmer-und-preise\/\">Bequeme zimmer<\/a><\/h3>\n<p>[\/vc_column_text][vc_row_inner][vc_column_inner width=&#8220;1\/3&#8243;][vc_single_image image=&#8220;13599&#8243; img_size=&#8220;large&#8220;][\/vc_column_inner][vc_column_inner width=&#8220;2\/3&#8243;][vc_column_text]Das Hotel Cabernet verf\u00fcgt \u00fcber 18 Doppelzimmer, 3 Dreibettzimmer und 3 Familienzimmer. Zu allen Zimmern des Hotels geh\u00f6ren ein Badezimmer, Fernsehapparat, Klimaanlage, Telefon, Internetanschlussm\u00f6glichkeit, fallweise Balkon, beziehungsweise ein Ausgang, der auf die Terrasse geht. Mit seinen gro\u00dfz\u00fcgigen \u00f6ffentlichen R\u00e4umlichkeiten (Lobby, Terrasse, Keller-Restaurant, Konferenzraum) ist unser Haus optimal f\u00fcr einen Aufenthalt gr\u00f6\u00dferer Gesellschaften und Gruppen geeignet.<br \/>\n<a href=\"https:\/\/hotelcabernet.hu\/de\/villany-hotel-cabernet\/zimmer-und-preise\/\"><strong>\u00dcber\u00a0 die Zimmer ausf\u00fchrlicher &gt;&gt;<\/strong><\/a>[\/vc_column_text][\/vc_column_inner][\/vc_row_inner][vc_empty_space height=&#8220;20&#8243;][vc_column_text]<\/p>\n<h3 style=\"text-align: left;\"><a href=\"https:\/\/hotelcabernet.hu\/de\/wein-restaurant\/\">stimmungvolles kellerrestaurant<\/a><\/h3>\n<p>[\/vc_column_text][vc_row_inner][vc_column_inner width=&#8220;1\/3&#8243;][vc_single_image image=&#8220;7769&#8243; img_size=&#8220;large&#8220;][\/vc_column_inner][vc_column_inner width=&#8220;2\/3&#8243;][vc_column_text]Das sich innerhalb des Hotels befindliche stimmungsvolle Kellerrestaurant dient als ein ausgezeichneter Platz f\u00fcr die Veranstaltung von Weinverkostungen und Weinabendessen mit gr\u00f6\u00dferem Volumen, f\u00fcr Weinlesevergn\u00fcgungen oder sogar zur Verzehrung eines romantischen Abendessens. Zum Restaurant geh\u00f6ren ein Weintresor und ein kleinerer Weinkeller, wo wir die ausgezeichneten Weine unserer eigenen Familienkellerbetrieb bewahren und die G\u00e4ste, die unser Hotel besuchen, haben auch die M\u00f6glichkeit, diese Weine zu verkosten. Dieser Weinkeller ist \u00fcbrigens auch der erste Keller der Villanyk\u00f6vesder Kellerreihe!<br \/>\n<strong><a href=\"https:\/\/hotelcabernet.hu\/de\/wein-restaurant\/\">Ausf\u00fchrlicher \u00fcber das Restaurant&gt;&gt;<\/a><\/strong>[\/vc_column_text][\/vc_column_inner][\/vc_row_inner][vc_column_text]<\/p>\n<h3 style=\"text-align: left;\"><a href=\"https:\/\/hotelcabernet.hu\/de\/mokos-weine-villany-weingebiet\/\">unser weingut, mokos kellerei<\/a><\/h3>\n<p>[\/vc_column_text][vc_row_inner][vc_column_inner width=&#8220;1\/3&#8243;][vc_single_image image=&#8220;5411&#8243; img_size=&#8220;large&#8220;][vc_single_image image=&#8220;5414&#8243; img_size=&#8220;large&#8220;][\/vc_column_inner][vc_column_inner width=&#8220;2\/3&#8243;][vc_column_text]Wenn die Keller bereits geschlossen sind, brauchen Sie sich auch keine Sorgen zu machen, denn in unserem Restaurant oder auf unserer Terrasse im toskanischen Stil k\u00f6nnen Sie immer die besten Weine der Weinregion Vill\u00e1ny genie\u00dfen. Unsere G\u00e4ste k\u00f6nnen auch die preisgekr\u00f6nten Vill\u00e1nyer Rotweine unseres Weinguts Mokos Winery probieren.<\/p>\n<p>Neben dem Weingut baut die Familie Mokos auch Obst und Vieh an, sodass Sie beim Fr\u00fchst\u00fccksbuffet des Hotels hausgemachte Marmeladen aus 100 % Obst, hausgemachte Stifolder, Honig oder frisches Obst aus den Obstg\u00e4rten in Palkonya probieren k\u00f6nnen. Unser Weingut verarbeitet die Fr\u00fcchte nicht nur zu Marmelade oder Weinbrand, sondern wir stellen aus 100 % eigener Frucht auch hochwertige Fruchtweine ohne Zugabe von Wasser, Farb- und Aromastoffen her. Von den Hotels in Vill\u00e1ny k\u00f6nnen unsere einzigartigen Obstweine in der Vill\u00e1nyer Weinregion nur im Hotel Cabernet verkostet werden.<br \/>\n<strong><a href=\"https:\/\/hotelcabernet.hu\/de\/mokos-weine-villany-weingebiet\/\">Mehr \u00fcber unser Weingut &gt;&gt;<\/a><\/strong>[\/vc_column_text][\/vc_column_inner][\/vc_row_inner][vc_empty_space height=&#8220;20&#8243;][vc_column_text]<\/p>\n<h3 style=\"text-align: left;\"><a href=\"https:\/\/hotelcabernet.hu\/de\/ungarn-villanyer-weingegend-programme\/\">bunte programm m\u00f6glichkeiten<\/a><\/h3>\n<p>[\/vc_column_text][vc_row_inner][vc_column_inner width=&#8220;1\/3&#8243;][vc_single_image image=&#8220;5409&#8243; img_size=&#8220;large&#8220;][\/vc_column_inner][vc_column_inner width=&#8220;2\/3&#8243;][vc_column_text]Wenn Sie Ihre Freizeit gern vielf\u00e4ltig verbringen, dann sind Sie bei uns richtig. Die Umgebung bietet zahlreiche Sport- und Freizeitm\u00f6glichkeiten, wie zum Beispiel Angeln auf den Palkonyaer Fischerteichen, Bootfahrt, Ausflug im Villanyer Gebirge (Schwarzer Berg- Tour), Reiten, Pferdekutschenfahrt, Weinverkostung und Weinabendessen im Cabernet Weinrestaurant, Kellergang durch die Kellerreihe in Villanyk\u00f6vesd, Baden in Harkany, Ausflug nach Sikl\u00f3s (Besuch der Burg und\/oder Erlebnisbad), Schiffausflug an der Drau, Stadtrundfahrt in P\u00e9cs. Weitere Details \u00fcber die Freizeitm\u00f6glichkeiten finden Sie unter dem Querverweis Programme.<br \/>\n<a href=\"https:\/\/hotelcabernet.hu\/programme\/?lang=de\"><strong>Ausf\u00fchrlicher \u00fcber Freizeitprogrammm\u00f6glichkeiten&gt;&gt;<\/strong><\/a>[\/vc_column_text][\/vc_column_inner][\/vc_row_inner][\/vc_column][\/vc_row]<\/p>\n<\/div>","protected":false},"excerpt":{"rendered":"<p>[vc_row][vc_column][vc_column_text]Das Hotel Cabernet er\u00f6ffnete seine Pforten 1998 in Vill\u00e1nyk\u00f6vesd, die eine der sch\u00f6nsten Ortschaften der Villanyer Weinregion und des Deutschtums in Branau ist. Die malerische, friedliche Landschaft bietet eine einzigartige [&hellip;]<\/p>\n","protected":false},"author":10,"featured_media":0,"parent":0,"menu_order":0,"comment_status":"closed","ping_status":"closed","template":"","meta":{"_acf_changed":false,"footnotes":""},"class_list":["post-2433","page","type-page","status-publish","hentry"],"acf":[],"yoast_head":"<!-- This site is optimized with the Yoast SEO plugin v27.5 - https:\/\/yoast.com\/product\/yoast-seo-wordpress\/ -->\n<title>Vill\u00e1ny - Hotel Cabernet - Legjobb \u00e1rak Vill\u00e1nyban<\/title>\n<meta name=\"description\" content=\"A vill\u00e1nyk\u00f6vesdi Pincesor l\u00e1b\u00e1n\u00e1l. Kedvez\u0151 \u00e1rak, Csal\u00e1dias hangulat. Szezon\u00e1lis \u00e9s h\u00e9tk\u00f6znapi Akci\u00f3k! K\u00e9rje aj\u00e1nlatunkat! Vill\u00e1ny Hotel Cabernet.\" \/>\n<meta name=\"robots\" content=\"index, follow, max-snippet:-1, max-image-preview:large, max-video-preview:-1\" \/>\n<link rel=\"canonical\" href=\"https:\/\/hotelcabernet.hu\/de\/villany-hotel-cabernet\/\" \/>\n<meta property=\"og:locale\" content=\"de_DE\" \/>\n<meta property=\"og:type\" content=\"article\" \/>\n<meta property=\"og:title\" content=\"Vill\u00e1ny - Hotel Cabernet - Legjobb \u00e1rak Vill\u00e1nyban\" \/>\n<meta property=\"og:description\" content=\"A vill\u00e1nyk\u00f6vesdi Pincesor l\u00e1b\u00e1n\u00e1l. Kedvez\u0151 \u00e1rak, Csal\u00e1dias hangulat. Szezon\u00e1lis \u00e9s h\u00e9tk\u00f6znapi Akci\u00f3k! K\u00e9rje aj\u00e1nlatunkat! Vill\u00e1ny Hotel Cabernet.\" \/>\n<meta property=\"og:url\" content=\"https:\/\/hotelcabernet.hu\/de\/villany-hotel-cabernet\/\" \/>\n<meta property=\"og:site_name\" content=\"Hotel Cabernet\" \/>\n<meta property=\"article:publisher\" content=\"https:\/\/www.facebook.com\/HotelCabernet\/\" \/>\n<meta property=\"article:modified_time\" content=\"2022-02-13T09:48:07+00:00\" \/>\n<meta name=\"twitter:card\" content=\"summary_large_image\" \/>\n<meta name=\"twitter:label1\" content=\"Gesch\u00e4tzte Lesezeit\" \/>\n\t<meta name=\"twitter:data1\" content=\"3\u00a0Minuten\" \/>\n<script type=\"application\/ld+json\" class=\"yoast-schema-graph\">{\"@context\":\"https:\\\/\\\/schema.org\",\"@graph\":[{\"@type\":\"WebPage\",\"@id\":\"https:\\\/\\\/hotelcabernet.hu\\\/de\\\/villany-hotel-cabernet\\\/\",\"url\":\"https:\\\/\\\/hotelcabernet.hu\\\/de\\\/villany-hotel-cabernet\\\/\",\"name\":\"Vill\u00e1ny - Hotel Cabernet - Legjobb \u00e1rak Vill\u00e1nyban\",\"isPartOf\":{\"@id\":\"https:\\\/\\\/hotelcabernet.hu\\\/#website\"},\"datePublished\":\"2016-02-16T07:51:24+00:00\",\"dateModified\":\"2022-02-13T09:48:07+00:00\",\"description\":\"A vill\u00e1nyk\u00f6vesdi Pincesor l\u00e1b\u00e1n\u00e1l. Kedvez\u0151 \u00e1rak, Csal\u00e1dias hangulat. Szezon\u00e1lis \u00e9s h\u00e9tk\u00f6znapi Akci\u00f3k! K\u00e9rje aj\u00e1nlatunkat! Vill\u00e1ny Hotel Cabernet.\",\"breadcrumb\":{\"@id\":\"https:\\\/\\\/hotelcabernet.hu\\\/de\\\/villany-hotel-cabernet\\\/#breadcrumb\"},\"inLanguage\":\"de\",\"potentialAction\":[{\"@type\":\"ReadAction\",\"target\":[\"https:\\\/\\\/hotelcabernet.hu\\\/de\\\/villany-hotel-cabernet\\\/\"]}]},{\"@type\":\"BreadcrumbList\",\"@id\":\"https:\\\/\\\/hotelcabernet.hu\\\/de\\\/villany-hotel-cabernet\\\/#breadcrumb\",\"itemListElement\":[{\"@type\":\"ListItem\",\"position\":1,\"name\":\"Home\",\"item\":\"https:\\\/\\\/hotelcabernet.hu\\\/de\\\/\"},{\"@type\":\"ListItem\",\"position\":2,\"name\":\"Hotel\"}]},{\"@type\":\"WebSite\",\"@id\":\"https:\\\/\\\/hotelcabernet.hu\\\/#website\",\"url\":\"https:\\\/\\\/hotelcabernet.hu\\\/\",\"name\":\"Hotel Cabernet\",\"description\":\"a Mokos Pinc\u00e9szet Borhotele\",\"potentialAction\":[{\"@type\":\"SearchAction\",\"target\":{\"@type\":\"EntryPoint\",\"urlTemplate\":\"https:\\\/\\\/hotelcabernet.hu\\\/?s={search_term_string}\"},\"query-input\":{\"@type\":\"PropertyValueSpecification\",\"valueRequired\":true,\"valueName\":\"search_term_string\"}}],\"inLanguage\":\"de\"}]}<\/script>\n<!-- \/ Yoast SEO plugin. -->","yoast_head_json":{"title":"Vill\u00e1ny - Hotel Cabernet - Legjobb \u00e1rak Vill\u00e1nyban","description":"A vill\u00e1nyk\u00f6vesdi Pincesor l\u00e1b\u00e1n\u00e1l. Kedvez\u0151 \u00e1rak, Csal\u00e1dias hangulat. Szezon\u00e1lis \u00e9s h\u00e9tk\u00f6znapi Akci\u00f3k! K\u00e9rje aj\u00e1nlatunkat! Vill\u00e1ny Hotel Cabernet.","robots":{"index":"index","follow":"follow","max-snippet":"max-snippet:-1","max-image-preview":"max-image-preview:large","max-video-preview":"max-video-preview:-1"},"canonical":"https:\/\/hotelcabernet.hu\/de\/villany-hotel-cabernet\/","og_locale":"de_DE","og_type":"article","og_title":"Vill\u00e1ny - Hotel Cabernet - Legjobb \u00e1rak Vill\u00e1nyban","og_description":"A vill\u00e1nyk\u00f6vesdi Pincesor l\u00e1b\u00e1n\u00e1l. Kedvez\u0151 \u00e1rak, Csal\u00e1dias hangulat. Szezon\u00e1lis \u00e9s h\u00e9tk\u00f6znapi Akci\u00f3k! K\u00e9rje aj\u00e1nlatunkat! Vill\u00e1ny Hotel Cabernet.","og_url":"https:\/\/hotelcabernet.hu\/de\/villany-hotel-cabernet\/","og_site_name":"Hotel Cabernet","article_publisher":"https:\/\/www.facebook.com\/HotelCabernet\/","article_modified_time":"2022-02-13T09:48:07+00:00","twitter_card":"summary_large_image","twitter_misc":{"Gesch\u00e4tzte Lesezeit":"3\u00a0Minuten"},"schema":{"@context":"https:\/\/schema.org","@graph":[{"@type":"WebPage","@id":"https:\/\/hotelcabernet.hu\/de\/villany-hotel-cabernet\/","url":"https:\/\/hotelcabernet.hu\/de\/villany-hotel-cabernet\/","name":"Vill\u00e1ny - Hotel Cabernet - Legjobb \u00e1rak Vill\u00e1nyban","isPartOf":{"@id":"https:\/\/hotelcabernet.hu\/#website"},"datePublished":"2016-02-16T07:51:24+00:00","dateModified":"2022-02-13T09:48:07+00:00","description":"A vill\u00e1nyk\u00f6vesdi Pincesor l\u00e1b\u00e1n\u00e1l. Kedvez\u0151 \u00e1rak, Csal\u00e1dias hangulat. Szezon\u00e1lis \u00e9s h\u00e9tk\u00f6znapi Akci\u00f3k! K\u00e9rje aj\u00e1nlatunkat! Vill\u00e1ny Hotel Cabernet.","breadcrumb":{"@id":"https:\/\/hotelcabernet.hu\/de\/villany-hotel-cabernet\/#breadcrumb"},"inLanguage":"de","potentialAction":[{"@type":"ReadAction","target":["https:\/\/hotelcabernet.hu\/de\/villany-hotel-cabernet\/"]}]},{"@type":"BreadcrumbList","@id":"https:\/\/hotelcabernet.hu\/de\/villany-hotel-cabernet\/#breadcrumb","itemListElement":[{"@type":"ListItem","position":1,"name":"Home","item":"https:\/\/hotelcabernet.hu\/de\/"},{"@type":"ListItem","position":2,"name":"Hotel"}]},{"@type":"WebSite","@id":"https:\/\/hotelcabernet.hu\/#website","url":"https:\/\/hotelcabernet.hu\/","name":"Hotel Cabernet","description":"a Mokos Pinc\u00e9szet Borhotele","potentialAction":[{"@type":"SearchAction","target":{"@type":"EntryPoint","urlTemplate":"https:\/\/hotelcabernet.hu\/?s={search_term_string}"},"query-input":{"@type":"PropertyValueSpecification","valueRequired":true,"valueName":"search_term_string"}}],"inLanguage":"de"}]}},"_links":{"self":[{"href":"https:\/\/hotelcabernet.hu\/de\/wp-json\/wp\/v2\/pages\/2433","targetHints":{"allow":["GET"]}}],"collection":[{"href":"https:\/\/hotelcabernet.hu\/de\/wp-json\/wp\/v2\/pages"}],"about":[{"href":"https:\/\/hotelcabernet.hu\/de\/wp-json\/wp\/v2\/types\/page"}],"author":[{"embeddable":true,"href":"https:\/\/hotelcabernet.hu\/de\/wp-json\/wp\/v2\/users\/10"}],"replies":[{"embeddable":true,"href":"https:\/\/hotelcabernet.hu\/de\/wp-json\/wp\/v2\/comments?post=2433"}],"version-history":[{"count":14,"href":"https:\/\/hotelcabernet.hu\/de\/wp-json\/wp\/v2\/pages\/2433\/revisions"}],"predecessor-version":[{"id":2435,"href":"https:\/\/hotelcabernet.hu\/de\/wp-json\/wp\/v2\/pages\/2433\/revisions\/2435"}],"wp:attachment":[{"href":"https:\/\/hotelcabernet.hu\/de\/wp-json\/wp\/v2\/media?parent=2433"}],"curies":[{"name":"wp","href":"https:\/\/api.w.org\/{rel}","templated":true}]}}